{"type":"doc","content":[{"type":"paragraph","attrs":{"align":null,"indent":null},"content":[{"type":"text","marks":[{"type":"strong"}],"text":"KERATINA PARA CABELLO TREATMENT MAGICAL"}]},{"type":"paragraph","attrs":{"align":null,"indent":null},"content":[{"type":"text","text":"\u00a1La M\u00e1gica PURC es la respuesta que estabas esperando!"},{"type":"text","marks":[{"type":"strong"}],"text":"Olv\u00eddate de las horas de cuidado capilar y dale la bienvenida a una revolucionaria mascarilla"},{"type":"text","text":"que te brinda resultados asombrosos en tan solo 5 segundos.\u00a0"},{"type":"text","marks":[{"type":"strong"}],"text":"Proporciona un tratamiento intensivo de humedad"},{"type":"text","text":"para convertir el cabello seco y opaco en mechones suaves, brillantes y brillantes en minutos.\u00a0"}]},{"type":"paragraph","attrs":{"align":null,"indent":null},"content":[{"type":"text","marks":[{"type":"strong"}],"text":"5 SEGUNDOS REPARA DA\u00d1OS EN LA RA\u00cdZ DEL CABELLO"}]},{"type":"paragraph","attrs":{"align":null,"indent":null},"content":[{"type":"text","text":"Sistema avanzado de reparaci\u00f3n del cabello y especialmente formulado para mejorar la textura, suavidad, manejabilidad, brillo y proporcionar una restauraci\u00f3n adicional de da\u00f1os.\u00a0\u00a0"}]},{"type":"paragraph","attrs":{"align":null,"indent":null},"content":[{"type":"text","text":"***ESPECIALMENTE FORMULADA PARA TRATAR EL CABELLO EXTRA-SECO, DA\u00d1ADO, SOBREPROCESADO Y TRATADO CON COLOR.\u00a0 REPONE LOS NUTRIENTES DEL CABELLO Y AGREGA PROTECCI\u00d3N A LA CUT\u00cdCULA"}]},{"type":"paragraph","attrs":{"align":null,"indent":null},"content":[{"type":"text","marks":[{"type":"strong"}],"text":"Para aumentar la salud general del cabello."},{"type":"text","text":"Tambi\u00e9n invierte el efecto de los factores estresantes ambientales como el da\u00f1o solar, la exposici\u00f3n a los rayos UV, el cloro y el agua salada de la nataci\u00f3n"},{"type":"text","marks":[{"type":"strong"}],"text":"y el da\u00f1o constante causado por a\u00f1os de tratamiento qu\u00edmico.\u00a0"}]},{"type":"paragraph","attrs":{"align":null,"indent":null},"content":[{"type":"text","marks":[{"type":"strong"}],"text":"C\u00d3MO UTILIZAR\u00a0\u00a0"}]},{"type":"ordered_list","attrs":{"order":1},"content":[{"type":"list_item","content":[{"type":"paragraph","attrs":{"align":null,"indent":null},"content":[{"type":"text","text":"Limpiarlo en el cabello despu\u00e9s del lavado, no tocar el cuero cabelludo."}]}]},{"type":"list_item","content":[{"type":"paragraph","attrs":{"align":null,"indent":null},"content":[{"type":"text","text":"Espere de 2 a 5 minutos, coopere con un mejor efecto con el masaje capilar."}]}]},{"type":"list_item","content":[{"type":"paragraph","attrs":{"align":null,"indent":null},"content":[{"type":"text","text":"Limpia la crema, ver\u00e1s que el cabello se vuelve m\u00e1s suave al instante."}]}]}]},{"type":"paragraph","attrs":{"align":null,"indent":null},"content":[{"type":"text","marks":[{"type":"strong"}],"text":"CARACTERISTICAS"}]},{"type":"bullet_list","content":[{"type":"list_item","content":[{"type":"paragraph","attrs":{"align":null,"indent":null},"content":[{"type":"text","marks":[{"type":"strong"}],"text":"Tama\u00f1o:"},{"type":"text","text":"\u00a060ml"}]}]},{"type":"list_item","content":[{"type":"paragraph","attrs":{"align":null,"indent":null},"content":[{"type":"text","marks":[{"type":"strong"}],"text":"Efecto:"},{"type":"text","text":"Mascarilla\/Keratina para el cabello"}]}]},{"type":"list_item","content":[{"type":"paragraph","attrs":{"align":null,"indent":null},"content":[{"type":"text","marks":[{"type":"strong"}],"text":"Tipo de Cabello:"},{"type":"text","text":"\u00a0cualquier tipo de cabello"}]}]},{"type":"list_item","content":[{"type":"paragraph","attrs":{"align":null,"indent":null},"content":[{"type":"text","marks":[{"type":"strong"}],"text":"Keratina"},{"type":"text","text":"sin Empaque, medidas 5 cm de largo, 6 cm de ancho. Peso 97 Gramos"}]}]}]},{"type":"paragraph","attrs":{"align":null,"indent":null},"content":[{"type":"text","text":"*******************"}]},{"type":"paragraph","attrs":{"align":null,"indent":null},"content":[{"type":"text","marks":[{"type":"strong"}],"text":"POLITICAS DE GARANTIA DE CAMBIOS O REEMBOLSOS"}]},{"type":"bullet_list","content":[{"type":"list_item","content":[{"type":"paragraph","attrs":{"align":null,"indent":null},"content":[{"type":"text","marks":[{"type":"strong"}],"text":"Duraci\u00f3n:"},{"type":"text","text":"La aplicabilidad de la garant\u00eda, aplica dentro de los 20 d\u00edas Continuos, una vez hayas recibido el producto."}]}]},{"type":"list_item","content":[{"type":"paragraph","attrs":{"align":null,"indent":null},"content":[{"type":"text","marks":[{"type":"strong"}],"text":"Condiciones:"},{"type":"text","text":"Cubrimos solo da\u00f1os que afecten el funcionamiento o integridad del producto. No aceptamos devoluciones por otros motivos."}]}]},{"type":"list_item","content":[{"type":"paragraph","attrs":{"align":null,"indent":null},"content":[{"type":"text","marks":[{"type":"strong"}],"text":"La garant\u00edas o cambios"},{"type":"text","text":"ser\u00e1n v\u00e1lidas en los siguientes casos: \u00a0defectos de f\u00e1brica, error del producto enviado, teniendo en cuenta que debe ser devuelto en las mismas condiciones en que fue entregado."}]}]},{"type":"list_item","content":[{"type":"paragraph","attrs":{"align":null,"indent":null},"content":[{"type":"text","marks":[{"type":"strong"}],"text":"Procedimiento:"},{"type":"text","text":"Cont\u00e1ctanos inmediatamente si evidencias alg\u00fan problema con tu compra a nuestro E-mail"},{"type":"text","marks":[{"type":"link","attrs":{"href":"mailto:proveedorecomfive@gmail.com,%20o","title":null,"target":null}},{"type":"strong"}],"text":"proveedorecomfive@gmail.com, o"},{"type":"text","text":"a trav\u00e9s de nuestra l\u00ednea de Atenci\u00f3n al cliente, realizando una explicaci\u00f3n del reclamo, con la fecha de recepci\u00f3n de la mercanc\u00eda, adjuntando evidencia visual (fotos y videos) y as\u00ed atender tu caso inmediatamente"}]}]},{"type":"list_item","content":[{"type":"paragraph","attrs":{"align":null,"indent":null},"content":[{"type":"text","marks":[{"type":"strong"}],"text":"Resoluci\u00f3n:"},{"type":"text","text":"una vez analizado tu caso, evaluaremos si se requiere reparaci\u00f3n, reemplazo o reembolso seg\u00fan corresponda."}]}]},{"type":"list_item","content":[{"type":"paragraph","attrs":{"align":null,"indent":null},"content":[{"type":"text","marks":[{"type":"strong"}],"text":"Nulidad de Garant\u00eda:"},{"type":"text","text":"La garant\u00eda se perder\u00e1 de inmediato si el producto ha sido modificado, reparado, manipulado, utilizado incorrectamente, da\u00f1ado por terceros o agentes\u00a0externos."}]}]},{"type":"list_item","content":[{"type":"paragraph","attrs":{"align":null,"indent":null},"content":[{"type":"text","marks":[{"type":"em"}],"text":"Si por tal motivo tienes alguna duda o consulta relacionada a nuestras pol\u00edticas de garant\u00eda, y\/o otro asunto en particular, puedes contactarnos sin dudarlo a nuestro WhatsApp de Atenci\u00f3n al cliente o a trav\u00e9s de nuestro E-mail"},{"type":"text","marks":[{"type":"link","attrs":{"href":"mailto:proveedorecomfive@gmail.com","title":null,"target":null}},{"type":"em"},{"type":"strong"}],"text":"proveedorecomfive@"},{"type":"text","marks":[{"type":"link","attrs":{"href":"gmail.com","title":null,"target":"_blank"}},{"type":"em"},{"type":"strong"}],"text":"gmail.com"},{"type":"text","marks":[{"type":"em"},{"type":"strong"}],"text":"\u00a0"},{"type":"text","marks":[{"type":"em"}],"text":"\u00a0y con el mayor de los gustos te atenderemos, con la mayor amabilidad.\u00a0"}]}]}]},{"type":"paragraph","attrs":{"align":null,"indent":null},"content":[{"type":"text","marks":[{"type":"em"},{"type":"strong"}],"text":"\u201cValoramos tu confianza en nuestros productos y servicios\u201d"}]}]}